{"id":89,"date":"2022-02-20T10:21:59","date_gmt":"2022-02-20T10:21:59","guid":{"rendered":"http:\/\/atemtherapie.wargalla.de\/?page_id=89"},"modified":"2022-07-01T20:32:53","modified_gmt":"2022-07-01T20:32:53","slug":"ueber-mich","status":"publish","type":"page","link":"https:\/\/atemtherapie.wargalla.de\/?page_id=89","title":{"rendered":"\u00fcber mich"},"content":{"rendered":"\t\t<div data-elementor-type=\"wp-page\" data-elementor-id=\"89\" class=\"elementor elementor-89\">\n\t\t\t\t\t\t<section class=\"elementor-section elementor-top-section elementor-element elementor-element-692f3de elementor-section-height-min-height elementor-section-boxed elementor-section-height-default elementor-section-items-middle wpr-particle-no wpr-jarallax-no wpr-parallax-no wpr-sticky-section-no wpr-equal-height-no\" data-id=\"692f3de\" data-element_type=\"section\" data-e-type=\"section\">\n\t\t\t\t\t\t<div class=\"elementor-container elementor-column-gap-default\">\n\t\t\t\t\t<div class=\"elementor-column elementor-col-50 elementor-top-column elementor-element elementor-element-9337887\" data-id=\"9337887\" data-element_type=\"column\" data-e-type=\"column\">\n\t\t\t<div class=\"elementor-widget-wrap elementor-element-populated\">\n\t\t\t\t\t\t<div class=\"elementor-element elementor-element-0f7f464 elementor-widget elementor-widget-image\" data-id=\"0f7f464\" data-element_type=\"widget\" data-e-type=\"widget\" data-widget_type=\"image.default\">\n\t\t\t\t<div class=\"elementor-widget-container\">\n\t\t\t\t\t\t\t\t\t\t\t\t\t\t\t<img fetchpriority=\"high\" decoding=\"async\" width=\"251\" height=\"300\" src=\"https:\/\/atemtherapie.wargalla.de\/wp-content\/uploads\/2022\/07\/Foto-Kevelaer-251x300.jpg\" class=\"attachment-medium size-medium wp-image-766\" alt=\"\" srcset=\"https:\/\/atemtherapie.wargalla.de\/wp-content\/uploads\/2022\/07\/Foto-Kevelaer-251x300.jpg 251w, https:\/\/atemtherapie.wargalla.de\/wp-content\/uploads\/2022\/07\/Foto-Kevelaer-856x1024.jpg 856w, https:\/\/atemtherapie.wargalla.de\/wp-content\/uploads\/2022\/07\/Foto-Kevelaer-768x919.jpg 768w, https:\/\/atemtherapie.wargalla.de\/wp-content\/uploads\/2022\/07\/Foto-Kevelaer.jpg 1041w\" sizes=\"(max-width: 251px) 100vw, 251px\" \/>\t\t\t\t\t\t\t\t\t\t\t\t\t\t\t<\/div>\n\t\t\t\t<\/div>\n\t\t\t\t\t<\/div>\n\t\t<\/div>\n\t\t\t\t<div class=\"elementor-column elementor-col-50 elementor-top-column elementor-element elementor-element-25ebdb9\" data-id=\"25ebdb9\" data-element_type=\"column\" data-e-type=\"column\">\n\t\t\t<div class=\"elementor-widget-wrap elementor-element-populated\">\n\t\t\t\t\t\t<div class=\"elementor-element elementor-element-a0fd1c7 elementor-widget elementor-widget-text-editor\" data-id=\"a0fd1c7\" data-element_type=\"widget\" data-e-type=\"widget\" data-widget_type=\"text-editor.default\">\n\t\t\t\t<div class=\"elementor-widget-container\">\n\t\t\t\t\t\t\t\t\t<p style=\"margin-right: 0cm; margin-left: 0cm; font-size: 10pt; font-family: 'Times New Roman'; color: #000000; margin-top: 0cm; background-image: initial; background-position: initial; background-size: initial; background-repeat: initial; background-attachment: initial; background-origin: initial; background-clip: initial;\"><b style=\"font-size: medium;\"><span style=\"font-size: 16pt; font-family: Cambria; background-image: initial; background-position: initial; background-size: initial; background-repeat: initial; background-attachment: initial; background-origin: initial; background-clip: initial;\">Beate Wargalla<\/span><\/b><span style=\"font-size: medium;\"><\/span><br><\/p>\n<h6 style=\"margin-right: 0cm; margin-left: 0cm; font-size: 10pt; font-family: 'Times New Roman'; color: #000000; margin-top: 0cm; background-image: initial; background-position: initial; background-size: initial; background-repeat: initial; background-attachment: initial; background-origin: initial; background-clip: initial;\">\n<p style=\"margin: 0cm 0cm 0.0001pt; font-size: 12pt; font-family: Cambria;\"><span style=\"color: black; background-image: initial; background-position: initial; background-size: initial; background-repeat: initial; background-attachment: initial; background-origin: initial; background-clip: initial;\">Diplomp\u00e4dagogin, Heilpraktikerin, Atemtherapeutin und Entspannungstherapeutin<\/span><span style=\"font-size: 10pt; font-family: &quot;Times New Roman&quot;; color: black;\"><o:p><\/o:p><\/span><\/p>\n<\/h6>\n<h6 style=\"margin: 0cm 0cm 0.0001pt 36pt; font-size: 12pt; font-family: Cambria; color: #000000; text-indent: -18pt;\"><span style=\"font-family: Symbol;\">\u00b7<span style=\"font-variant-numeric: normal; font-variant-east-asian: normal; font-stretch: normal; font-size: 7pt; line-height: normal; font-family: 'Times New Roman';\">&nbsp; &nbsp;<\/span><\/span><span style=\"color: #000000; text-indent: -18pt; font-size: 12pt;\">Diplomp\u00e4dagogin, psychologische<br><\/span><span style=\"color: #000000; text-indent: -18pt; font-size: 12pt;\">Beraterin des Studierendenwerkes Essen&nbsp;<\/span><span style=\"color: #000000; text-indent: -18pt; font-size: 12pt;\">Duisburg, Leiterin der Abteilung \u201eSoziales&nbsp;<\/span><span style=\"color: #000000; text-indent: -18pt; font-size: 12pt;\">&amp; Internationales\u201c<\/span><\/h6>\n<h5 style=\"margin: 0cm 0cm 0.0001pt 36pt; font-size: 12pt; font-family: Cambria; color: #000000; text-indent: -18pt;\"><span style=\"font-family: Symbol;\">\u00b7<span style=\"font-variant-numeric: normal; font-variant-east-asian: normal; font-stretch: normal; font-size: 7pt; line-height: normal; font-family: 'Times New Roman';\">&nbsp;&nbsp;&nbsp;&nbsp;&nbsp;<\/span><\/span>Atemtherapeutin, ausgebildet in der &#8222;Schule f\u00fcr Atemtraining und Sprechtechnik&#8220;, geleitet von Margot Scheufele-Osenberg in D\u00fcsseldorf mit&nbsp;<\/h5>\n<h5 style=\"margin: 0cm 0cm 0.0001pt 36pt; font-size: 12pt; font-family: Cambria; color: #000000; text-indent: -18pt;\">&nbsp; &nbsp; &nbsp; 4-j\u00e4hriger Assistenz&nbsp;<\/h5>\n<h3 style=\"margin: 0cm 0cm 0.0001pt 36pt; font-size: 12pt; font-family: Cambria; color: #000000; text-indent: -18pt;\"><span style=\"font-family: Symbol;\">\u00b7<span style=\"font-variant-numeric: normal; font-variant-east-asian: normal; font-stretch: normal; font-size: 7pt; line-height: normal; font-family: 'Times New Roman';\">&nbsp;&nbsp;&nbsp;&nbsp;&nbsp; <\/span><\/span>&nbsp;Heilpraktikerin<\/h3>\n<h5 style=\"margin: 0cm 0cm 0.0001pt 36pt; font-size: 12pt; font-family: Cambria; color: #000000; text-indent: -18pt;\"><span style=\"font-family: Symbol;\">\u00b7<span style=\"font-variant-numeric: normal; font-variant-east-asian: normal; font-stretch: normal; font-size: 7pt; line-height: normal; font-family: 'Times New Roman';\">&nbsp; &nbsp; &nbsp; <\/span><\/span>zertifizierte Entspannungstherapeutin f\u00fcr Autogenes Training (Grund- und Oberstufe), Progressive Relaxation nach E. Jacobson, Meditation, Entspannung und Atemtherapie<\/h5>\n<h5 style=\"margin: 0cm 0cm 0.0001pt 36pt; font-size: 12pt; font-family: Cambria; color: #000000; text-indent: -18pt;\"><span style=\"font-family: Symbol;\">\u00b7<span style=\"font-variant-numeric: normal; font-variant-east-asian: normal; font-stretch: normal; font-size: 7pt; line-height: normal; font-family: 'Times New Roman';\">&nbsp;&nbsp;&nbsp;&nbsp;&nbsp; <\/span><\/span>Ausbildung in Klientenzentrierter Gespr\u00e4chspsychotherapie, Gesellschaft f\u00fcr wissenschaftliche Gespr\u00e4chspsychotherapie e.V. (GWG)<\/h5>\n<h5 style=\"margin: 0cm 0cm 0.0001pt 36pt; font-size: 12pt; font-family: Cambria; color: #000000; text-indent: -18pt;\"><span style=\"font-family: Symbol;\">\u00b7<span style=\"font-variant-numeric: normal; font-variant-east-asian: normal; font-stretch: normal; font-size: 7pt; line-height: normal; font-family: 'Times New Roman';\">&nbsp;&nbsp;&nbsp;&nbsp;&nbsp; <\/span><\/span>Weiterbildungen im \u201eErfahrbaren Atem\u201c nach Ilse Middendorf, der \u201eintegrativen Atemtherapie\u201c, dem Rebirthing und dem Holotropen Atem<\/h5>\n<h5 style=\"margin: 0cm 0cm 0.0001pt 36pt; font-size: 12pt; font-family: Cambria; color: #000000; text-indent: -18pt;\"><span style=\"font-family: Symbol;\">\u00b7<span style=\"font-variant-numeric: normal; font-variant-east-asian: normal; font-stretch: normal; font-size: 7pt; line-height: normal; font-family: 'Times New Roman';\">&nbsp;&nbsp;&nbsp;&nbsp;&nbsp; <\/span><\/span>Leitung von Atemtherapie- und Entspannungskursen in der Lungenfachklinik Bethanien in Moers seit 1995<\/h5>\n<h5 style=\"margin: 0cm 0cm 10pt 36pt; font-size: 12pt; font-family: Cambria; color: #000000; text-indent: -18pt;\"><span style=\"font-family: Symbol;\">\u00b7<span style=\"font-variant-numeric: normal; font-variant-east-asian: normal; font-stretch: normal; font-size: 7pt; line-height: normal; font-family: 'Times New Roman';\">&nbsp;&nbsp;&nbsp;&nbsp;&nbsp; <\/span><\/span>Einzelbehandlungen als Heilpraktikerin mit dem Schwerpunkt Atemtherapie&#8220;<\/h5>\n<p style=\"margin: 0cm 0cm 0.0001pt 18pt; font-size: 10pt; font-family: 'Times New Roman'; color: #000000; text-indent: -18pt; background-image: initial; background-position: initial; background-size: initial; background-repeat: initial; background-attachment: initial; background-origin: initial; background-clip: initial;\">\n<\/p>\t\t\t\t\t\t\t\t<\/div>\n\t\t\t\t<\/div>\n\t\t\t\t\t<\/div>\n\t\t<\/div>\n\t\t\t\t\t<\/div>\n\t\t<\/section>\n\t\t\t\t<section class=\"elementor-section elementor-top-section elementor-element elementor-element-0ae213e elementor-section-boxed elementor-section-height-default elementor-section-height-default wpr-particle-no wpr-jarallax-no wpr-parallax-no wpr-sticky-section-no wpr-equal-height-no\" data-id=\"0ae213e\" data-element_type=\"section\" data-e-type=\"section\">\n\t\t\t\t\t\t<div class=\"elementor-container elementor-column-gap-default\">\n\t\t\t\t\t<div class=\"elementor-column elementor-col-100 elementor-top-column elementor-element elementor-element-77ba0d2\" data-id=\"77ba0d2\" data-element_type=\"column\" data-e-type=\"column\">\n\t\t\t<div class=\"elementor-widget-wrap elementor-element-populated\">\n\t\t\t\t\t\t<div class=\"elementor-element elementor-element-3eeff17 elementor-widget elementor-widget-text-editor\" data-id=\"3eeff17\" data-element_type=\"widget\" data-e-type=\"widget\" data-widget_type=\"text-editor.default\">\n\t\t\t\t<div class=\"elementor-widget-container\">\n\t\t\t\t\t\t\t\t\t<p class=\"MsoNormal\" style=\"margin: 0cm 0cm 0.0001pt; font-size: 12pt; font-family: Cambria; color: #000000;\"><span style=\"font-size: 14pt; background-image: initial; background-position: initial; background-size: initial; background-repeat: initial; background-attachment: initial; background-origin: initial; background-clip: initial;\">Wie kam ich dazu, Atemtherapeutin zu werden?<\/span><\/p><p style=\"margin: 0cm 0cm 0.0001pt; font-size: 12pt; font-family: Cambria; color: #000000; text-align: justify; line-height: 16.8pt; background-image: initial; background-position: initial; background-size: initial; background-repeat: initial; background-attachment: initial; background-origin: initial; background-clip: initial;\">Im Jahr 1989 beschloss ich mit einigen Freundinnen, einen Chor zu gr\u00fcnden. Ich hatte unter anderem den Part der Anleitung zur k\u00f6rperlichen Lockerung und Entspannung \u00fcbernommen.<\/p><p style=\"margin: 0cm 0cm 0.0001pt; font-size: 12pt; font-family: Cambria; color: #000000; text-align: justify; line-height: 16.8pt; background-image: initial; background-position: initial; background-size: initial; background-repeat: initial; background-attachment: initial; background-origin: initial; background-clip: initial;\">Da wurde ich gefragt: &#8222;Geht der Bauch beim Singen eigentlich raus oder rein?&#8220; Ich hatte keine Ahnung. Ich ging in die Stadtbibliothek, um eine Antwort zu finden. Ich bin von meiner Grundausbildung Diplomp\u00e4dagogin. Die Anatomie des K\u00f6rpers war mir damals noch ziemlich fremd. Also begann ich, in der Stadtb\u00fccherei medizinische B\u00fccher zu studieren, dann B\u00fccher, die mit Gesang zu tun hatten. Doch nirgends in der Fachliteratur fand ich eine Antwort auf meine Frage \u201eWie bewegt sich der Bauch beim Atmen und beim Singen\u201c oder zumindest verstand ich die Fachsprache nicht.\u00a0<\/p><p style=\"margin: 0cm 0cm 0.0001pt; font-size: 12pt; font-family: Cambria; color: #000000; text-align: justify; line-height: 16.8pt; background-image: initial; background-position: initial; background-size: initial; background-repeat: initial; background-attachment: initial; background-origin: initial; background-clip: initial;\">Schlie\u00dflich fiel mir ein kleines B\u00fcchlein in die Hand, &#8222;Atemschulung&#8220; von Margot Scheufele-Osenberg. Ich wei\u00df es noch wie heute. Ich setzte mich auf meinen Balkon mit einer Tasse Tee, machte es mir gem\u00fctlich und &#8222;verschlang&#8220; dieses B\u00fcchlein. Es gab mir Antwort auf meine Frage und noch vieles mehr. Am n\u00e4chsten Tag rief ich bei Margot Scheufele-Osenberg an, machte einen Termin mit ihr aus und meldete mich direkt f\u00fcr die n\u00e4chste Fortbildung bei ihr an, die auch tats\u00e4chlich im folgenden Monat beginnen sollte und es war zuf\u00e4llig noch ein Platz frei. Ich war \u00fcbergl\u00fccklich.<\/p><p style=\"margin: 0cm 0cm 0.0001pt; font-size: 12pt; font-family: Cambria; color: #000000; text-align: justify; line-height: 16.8pt; background-image: initial; background-position: initial; background-size: initial; background-repeat: initial; background-attachment: initial; background-origin: initial; background-clip: initial;\">Und so begann meine &#8222;Karriere&#8220; als Atemtherapeutin.<\/p><p style=\"margin: 0cm 0cm 0.0001pt; font-size: 12pt; font-family: Cambria; color: #000000;\">\u00a0<\/p><p style=\"margin: 0cm 0cm 10pt 36pt; font-size: 12pt; font-family: Cambria; color: #000000; text-indent: -18pt;\">\u00a0<\/p>\t\t\t\t\t\t\t\t<\/div>\n\t\t\t\t<\/div>\n\t\t\t\t\t<\/div>\n\t\t<\/div>\n\t\t\t\t\t<\/div>\n\t\t<\/section>\n\t\t\t\t<\/div>\n\t\t","protected":false},"excerpt":{"rendered":"<p>Beate Wargalla Diplomp\u00e4dagogin, Heilpraktikerin, Atemtherapeutin und Entspannungstherapeutin \u00b7&nbsp; &nbsp;Diplomp\u00e4dagogin, psychologischeBeraterin des Studierendenwerkes Essen&nbsp;Duisburg, Leiterin der Abteilung \u201eSoziales&nbsp;&amp; Internationales\u201c \u00b7&nbsp;&nbsp;&nbsp;&nbsp;&nbsp;Atemtherapeutin, ausgebildet in der &#8222;Schule f\u00fcr Atemtraining und Sprechtechnik&#8220;, geleitet von Margot Scheufele-Osenberg in D\u00fcsseldorf mit&nbsp; &nbsp; &nbsp; &nbsp; 4-j\u00e4hriger Assistenz&nbsp; \u00b7&nbsp;&nbsp;&nbsp;&nbsp;&nbsp; &nbsp;Heilpraktikerin \u00b7&nbsp; &nbsp; &nbsp; zertifizierte Entspannungstherapeutin f\u00fcr Autogenes Training (Grund- und Oberstufe), Progressive Relaxation nach E. Jacobson, Meditation, Entspannung und Atemtherapie \u00b7&nbsp;&nbsp;&nbsp;&nbsp;&nbsp; Ausbildung in Klientenzentrierter Gespr\u00e4chspsychotherapie, Gesellschaft f\u00fcr wissenschaftliche Gespr\u00e4chspsychotherapie e.V. (GWG) \u00b7&nbsp;&nbsp;&nbsp;&nbsp;&nbsp; Weiterbildungen im \u201eErfahrbaren Atem\u201c nach Ilse Middendorf, der \u201eintegrativen Atemtherapie\u201c, dem Rebirthing und dem Holotropen Atem \u00b7&nbsp;&nbsp;&nbsp;&nbsp;&nbsp; Leitung von Atemtherapie- und Entspannungskursen in der Lungenfachklinik Bethanien in Moers seit 1995 \u00b7&nbsp;&nbsp;&nbsp;&nbsp;&nbsp; Einzelbehandlungen als Heilpraktikerin mit dem Schwerpunkt Atemtherapie&#8220; Wie kam ich dazu, Atemtherapeutin zu werden? Im Jahr 1989 beschloss ich mit einigen Freundinnen, einen Chor zu gr\u00fcnden. Ich hatte unter anderem den Part der Anleitung zur k\u00f6rperlichen Lockerung und Entspannung \u00fcbernommen. Da wurde ich gefragt: &#8222;Geht der Bauch beim Singen eigentlich raus oder rein?&#8220; Ich hatte keine Ahnung. Ich ging in die Stadtbibliothek, um eine Antwort zu finden. Ich bin von meiner Grundausbildung Diplomp\u00e4dagogin. Die Anatomie des K\u00f6rpers war mir damals noch ziemlich fremd. Also begann ich, in der Stadtb\u00fccherei medizinische B\u00fccher zu studieren, dann B\u00fccher, die mit Gesang zu tun hatten. Doch nirgends in der Fachliteratur fand ich eine Antwort auf meine Frage \u201eWie bewegt sich der Bauch beim Atmen und beim Singen\u201c oder zumindest verstand ich die Fachsprache nicht.\u00a0 Schlie\u00dflich fiel mir ein kleines B\u00fcchlein in die Hand, &#8222;Atemschulung&#8220; von Margot Scheufele-Osenberg. Ich wei\u00df es noch wie heute. Ich setzte mich auf meinen Balkon mit einer Tasse Tee, machte es mir gem\u00fctlich und &#8222;verschlang&#8220; dieses B\u00fcchlein. Es gab mir Antwort auf meine Frage und noch vieles mehr. Am n\u00e4chsten Tag rief ich bei Margot Scheufele-Osenberg an, machte einen Termin mit ihr aus und meldete mich direkt f\u00fcr die n\u00e4chste Fortbildung bei ihr an, die auch tats\u00e4chlich im folgenden Monat beginnen sollte und es war zuf\u00e4llig noch ein Platz frei. Ich war \u00fcbergl\u00fccklich. Und so begann meine &#8222;Karriere&#8220; als Atemtherapeutin. \u00a0 \u00a0<\/p>\n","protected":false},"author":1,"featured_media":0,"parent":0,"menu_order":0,"comment_status":"closed","ping_status":"closed","template":"","meta":{"footnotes":""},"class_list":["post-89","page","type-page","status-publish","hentry"],"_links":{"self":[{"href":"https:\/\/atemtherapie.wargalla.de\/index.php?rest_route=\/wp\/v2\/pages\/89","targetHints":{"allow":["GET"]}}],"collection":[{"href":"https:\/\/atemtherapie.wargalla.de\/index.php?rest_route=\/wp\/v2\/pages"}],"about":[{"href":"https:\/\/atemtherapie.wargalla.de\/index.php?rest_route=\/wp\/v2\/types\/page"}],"author":[{"embeddable":true,"href":"https:\/\/atemtherapie.wargalla.de\/index.php?rest_route=\/wp\/v2\/users\/1"}],"replies":[{"embeddable":true,"href":"https:\/\/atemtherapie.wargalla.de\/index.php?rest_route=%2Fwp%2Fv2%2Fcomments&post=89"}],"version-history":[{"count":144,"href":"https:\/\/atemtherapie.wargalla.de\/index.php?rest_route=\/wp\/v2\/pages\/89\/revisions"}],"predecessor-version":[{"id":789,"href":"https:\/\/atemtherapie.wargalla.de\/index.php?rest_route=\/wp\/v2\/pages\/89\/revisions\/789"}],"wp:attachment":[{"href":"https:\/\/atemtherapie.wargalla.de\/index.php?rest_route=%2Fwp%2Fv2%2Fmedia&parent=89"}],"curies":[{"name":"wp","href":"https:\/\/api.w.org\/{rel}","templated":true}]}}